{"id":7634,"date":"2020-01-27T13:31:21","date_gmt":"2020-01-27T12:31:21","guid":{"rendered":"https:\/\/venturelli-italia.it\/?page_id=7634"},"modified":"2024-12-23T09:25:59","modified_gmt":"2024-12-23T08:25:59","slug":"chi-siamo","status":"publish","type":"page","link":"https:\/\/venturelli-italia.it\/it\/chi-siamo\/","title":{"rendered":"Il nostro frantoio sul Lago di Garda con vendita diretta e ristorante"},"content":{"rendered":"\t\t<div data-elementor-type=\"wp-page\" data-elementor-id=\"7634\" class=\"elementor elementor-7634\" data-elementor-post-type=\"page\">\n\t\t\t\t\t\t<section class=\"elementor-section elementor-top-section elementor-element elementor-element-b6e31be elementor-section-boxed elementor-section-height-default elementor-section-height-default\" data-id=\"b6e31be\" data-element_type=\"section\" data-e-type=\"section\">\n\t\t\t\t\t\t<div class=\"elementor-container elementor-column-gap-default\">\n\t\t\t\t\t<div class=\"elementor-column elementor-col-50 elementor-top-column elementor-element elementor-element-26a5c0c\" data-id=\"26a5c0c\" data-element_type=\"column\" data-e-type=\"column\">\n\t\t\t<div class=\"elementor-widget-wrap elementor-element-populated\">\n\t\t\t\t\t\t<div class=\"elementor-element elementor-element-670fa97 elementor-widget elementor-widget-text-editor\" data-id=\"670fa97\" data-element_type=\"widget\" data-e-type=\"widget\" data-widget_type=\"text-editor.default\">\n\t\t\t\t<div class=\"elementor-widget-container\">\n\t\t\t\t\t\t\t\t\t<p><span style=\"text-align: justify;\">L\u2019avventura di Venturelli Bont\u00e0 Made in Italy nel mondo della Enogastronomia inizia nel 1970 con il vino di Nonno Francesco, prodotto nella sua piccola cantina con le uve del vecchio vigneto di famiglia.\u00a0<\/span><\/p><p><span style=\"text-align: justify;\">Poi l\u2019<\/span><a style=\"background-color: #ffffff; text-align: justify;\" href=\"https:\/\/venturelli-italia.it\/it\/cat\/olio-garda\/\">Olio di Oliva<\/a><span style=\"text-align: justify;\">, che \u00e8 naturale pensare di produrre e vendere vivendo in una zona come quella della Valtenesi e del Lago di Garda, terra dove la tradizione della coltura dell\u2019olivo e dell\u2019<\/span><a style=\"background-color: #ffffff; text-align: justify;\" href=\"https:\/\/venturelli-italia.it\/it\/cat\/olio-garda\/\">Olio Extravergine di Oliva<\/a><span style=\"text-align: justify;\">\u00a0\u00e8 plurisecolare.\u00a0<\/span><\/p><p><span style=\"text-align: justify;\">Nel corso degli anni sono stati fatti tutti gli sforzi possibili per tener fede alla filosofia: mangiare bene, mangiare cose buone e sane, fa bene alla salute, nel pieno rispetto della tradizione Mediterranea.\u00a0<\/span><\/p><p><span style=\"text-align: justify;\">Alla fine degli anni 90 <b>Venturelli Bont\u00e0 Made in Italy<\/b> viene acquistata dalla nostra famiglia\u00a0<\/span>Chinelli<span style=\"text-align: justify;\">, il che ha garantito la continuazione della filosofia aziendale.\u00a0<\/span><\/p><p><span style=\"text-align: justify;\">Stiamo continuando infatti a produrre, con lo stesso amore di un tempo, il\u00a0<\/span><a style=\"background-color: #ffffff; text-align: justify;\" href=\"https:\/\/venturelli-italia.it\/it\/prodotti\/olio-garda\/mostolio-garda-dop-bresciano-lt-0500\/\">Mostolio Garda DOP<\/a><span style=\"text-align: justify;\">, Olio Extra Vergine di Oliva al top tra quelli prodotti tra le meravigliose terre della zona del Lago di Garda.\u00a0<\/span><\/p><p><span style=\"text-align: justify;\">Tra fine 2019 e inizio 2020, abbiamo iniziato a trasformare il nostro quartier generale, <a href=\"https:\/\/venturelli-italia.it\/it\/ristorante\/\">aprendolo ai nostri ospiti<\/a> e ampliando l&#8217;<\/span><span style=\"font-weight: bolder; text-align: justify;\">Esperienza Venturelli<\/span><span style=\"text-align: justify;\">.\u00a0 \u00a0<\/span><\/p>\t\t\t\t\t\t\t\t<\/div>\n\t\t\t\t<\/div>\n\t\t\t\t\t<\/div>\n\t\t<\/div>\n\t\t\t\t<div class=\"elementor-column elementor-col-50 elementor-top-column elementor-element elementor-element-63644ad\" data-id=\"63644ad\" data-element_type=\"column\" data-e-type=\"column\">\n\t\t\t<div class=\"elementor-widget-wrap elementor-element-populated\">\n\t\t\t\t\t\t<div class=\"elementor-element elementor-element-9d34069 elementor-widget elementor-widget-image\" data-id=\"9d34069\" data-element_type=\"widget\" data-e-type=\"widget\" data-widget_type=\"image.default\">\n\t\t\t\t<div class=\"elementor-widget-container\">\n\t\t\t\t\t\t\t\t\t\t\t\t\t\t\t<img fetchpriority=\"high\" decoding=\"async\" data-src=\"https:\/\/venturelli-italia.it\/wp-content\/uploads\/2021\/03\/oleifici-del-garda-giardino-esterno-1024x683.jpg\" data-srcset=\"https:\/\/venturelli-italia.it\/wp-content\/uploads\/2021\/03\/oleifici-del-garda-giardino-esterno-1024x683.jpg 1024w, https:\/\/venturelli-italia.it\/wp-content\/uploads\/2021\/03\/oleifici-del-garda-giardino-esterno-300x200.jpg 300w, https:\/\/venturelli-italia.it\/wp-content\/uploads\/2021\/03\/oleifici-del-garda-giardino-esterno-768x512.jpg 768w, https:\/\/venturelli-italia.it\/wp-content\/uploads\/2021\/03\/oleifici-del-garda-giardino-esterno-600x400.jpg 600w, https:\/\/venturelli-italia.it\/wp-content\/uploads\/2021\/03\/oleifici-del-garda-giardino-esterno.jpg 1200w\" width=\"800\" height=\"534\" src=\"data:image\/gif;base64,R0lGODlhAQABAIAAAAAAAP\/\/\/yH5BAEAAAAALAAAAAABAAEAAAIBRAA7\" class=\"attachment-large size-large wp-image-51554 lazyload\" alt=\"Oleificio del Garda, giardino esterno\"  sizes=\"(max-width: 800px) 100vw, 800px\" \/><noscript><img decoding=\"async\" width=\"800\" height=\"534\" src=\"https:\/\/venturelli-italia.it\/wp-content\/uploads\/2021\/03\/oleifici-del-garda-giardino-esterno-1024x683.jpg\" class=\"attachment-large size-large wp-image-51554\" alt=\"Oleificio del Garda, giardino esterno\" srcset=\"https:\/\/venturelli-italia.it\/wp-content\/uploads\/2021\/03\/oleifici-del-garda-giardino-esterno-1024x683.jpg 1024w, https:\/\/venturelli-italia.it\/wp-content\/uploads\/2021\/03\/oleifici-del-garda-giardino-esterno-300x200.jpg 300w, https:\/\/venturelli-italia.it\/wp-content\/uploads\/2021\/03\/oleifici-del-garda-giardino-esterno-768x512.jpg 768w, https:\/\/venturelli-italia.it\/wp-content\/uploads\/2021\/03\/oleifici-del-garda-giardino-esterno-600x400.jpg 600w, https:\/\/venturelli-italia.it\/wp-content\/uploads\/2021\/03\/oleifici-del-garda-giardino-esterno.jpg 1200w\" sizes=\"(max-width: 800px) 100vw, 800px\"><\/noscript>\t\t\t\t\t\t\t\t\t\t\t\t\t\t\t<\/div>\n\t\t\t\t<\/div>\n\t\t\t\t\t<\/div>\n\t\t<\/div>\n\t\t\t\t\t<\/div>\n\t\t<\/section>\n\t\t\t\t<section class=\"elementor-section elementor-top-section elementor-element elementor-element-db72aad elementor-section-boxed elementor-section-height-default elementor-section-height-default\" data-id=\"db72aad\" data-element_type=\"section\" data-e-type=\"section\">\n\t\t\t\t\t\t<div class=\"elementor-container elementor-column-gap-default\">\n\t\t\t\t\t<div class=\"elementor-column elementor-col-100 elementor-top-column elementor-element elementor-element-1a34bf5\" data-id=\"1a34bf5\" data-element_type=\"column\" data-e-type=\"column\">\n\t\t\t<div class=\"elementor-widget-wrap elementor-element-populated\">\n\t\t\t\t\t\t<div class=\"elementor-element elementor-element-f811b27 elementor-widget-divider--view-line elementor-widget elementor-widget-divider\" data-id=\"f811b27\" data-element_type=\"widget\" data-e-type=\"widget\" data-widget_type=\"divider.default\">\n\t\t\t\t<div class=\"elementor-widget-container\">\n\t\t\t\t\t\t\t<div class=\"elementor-divider\">\n\t\t\t<span class=\"elementor-divider-separator\">\n\t\t\t\t\t\t<\/span>\n\t\t<\/div>\n\t\t\t\t\t\t<\/div>\n\t\t\t\t<\/div>\n\t\t\t\t\t<\/div>\n\t\t<\/div>\n\t\t\t\t\t<\/div>\n\t\t<\/section>\n\t\t\t\t<section class=\"elementor-section elementor-top-section elementor-element elementor-element-cb8de2c elementor-section-boxed elementor-section-height-default elementor-section-height-default\" data-id=\"cb8de2c\" data-element_type=\"section\" data-e-type=\"section\">\n\t\t\t\t\t\t<div class=\"elementor-container elementor-column-gap-default\">\n\t\t\t\t\t<div class=\"elementor-column elementor-col-50 elementor-top-column elementor-element elementor-element-0579408\" data-id=\"0579408\" data-element_type=\"column\" data-e-type=\"column\">\n\t\t\t<div class=\"elementor-widget-wrap elementor-element-populated\">\n\t\t\t\t\t\t<div class=\"elementor-element elementor-element-b56f6d6 elementor-widget elementor-widget-image\" data-id=\"b56f6d6\" data-element_type=\"widget\" data-e-type=\"widget\" data-widget_type=\"image.default\">\n\t\t\t\t<div class=\"elementor-widget-container\">\n\t\t\t\t\t\t\t\t\t\t\t\t\t\t\t\t<a href=\"https:\/\/venturelli-italia.it\/it\/prodotti\/\">\n\t\t\t\t\t\t\t<img decoding=\"async\" data-src=\"https:\/\/venturelli-italia.it\/wp-content\/uploads\/2021\/03\/olio-extravergine-di-oliva-vendita-online-768x515.jpg\" data-srcset=\"https:\/\/venturelli-italia.it\/wp-content\/uploads\/2021\/03\/olio-extravergine-di-oliva-vendita-online-768x515.jpg 768w, https:\/\/venturelli-italia.it\/wp-content\/uploads\/2021\/03\/olio-extravergine-di-oliva-vendita-online-300x201.jpg 300w, https:\/\/venturelli-italia.it\/wp-content\/uploads\/2021\/03\/olio-extravergine-di-oliva-vendita-online-1024x686.jpg 1024w, https:\/\/venturelli-italia.it\/wp-content\/uploads\/2021\/03\/olio-extravergine-di-oliva-vendita-online-1536x1029.jpg 1536w, https:\/\/venturelli-italia.it\/wp-content\/uploads\/2021\/03\/olio-extravergine-di-oliva-vendita-online-2048x1372.jpg 2048w\" width=\"768\" height=\"515\" src=\"data:image\/gif;base64,R0lGODlhAQABAIAAAAAAAP\/\/\/yH5BAEAAAAALAAAAAABAAEAAAIBRAA7\" class=\"attachment-medium_large size-medium_large wp-image-51526 lazyload\" alt=\"Olio extravergine di oliva vendita online\"  sizes=\"(max-width: 768px) 100vw, 768px\" \/><noscript><img loading=\"lazy\" decoding=\"async\" width=\"768\" height=\"515\" src=\"https:\/\/venturelli-italia.it\/wp-content\/uploads\/2021\/03\/olio-extravergine-di-oliva-vendita-online-768x515.jpg\" class=\"attachment-medium_large size-medium_large wp-image-51526\" alt=\"Olio extravergine di oliva vendita online\" srcset=\"https:\/\/venturelli-italia.it\/wp-content\/uploads\/2021\/03\/olio-extravergine-di-oliva-vendita-online-768x515.jpg 768w, https:\/\/venturelli-italia.it\/wp-content\/uploads\/2021\/03\/olio-extravergine-di-oliva-vendita-online-300x201.jpg 300w, https:\/\/venturelli-italia.it\/wp-content\/uploads\/2021\/03\/olio-extravergine-di-oliva-vendita-online-1024x686.jpg 1024w, https:\/\/venturelli-italia.it\/wp-content\/uploads\/2021\/03\/olio-extravergine-di-oliva-vendita-online-1536x1029.jpg 1536w, https:\/\/venturelli-italia.it\/wp-content\/uploads\/2021\/03\/olio-extravergine-di-oliva-vendita-online-2048x1372.jpg 2048w\" sizes=\"(max-width: 768px) 100vw, 768px\"><\/noscript>\t\t\t\t\t\t\t\t<\/a>\n\t\t\t\t\t\t\t\t\t\t\t\t\t\t\t<\/div>\n\t\t\t\t<\/div>\n\t\t\t\t\t<\/div>\n\t\t<\/div>\n\t\t\t\t<div class=\"elementor-column elementor-col-50 elementor-top-column elementor-element elementor-element-631076a\" data-id=\"631076a\" data-element_type=\"column\" data-e-type=\"column\">\n\t\t\t<div class=\"elementor-widget-wrap elementor-element-populated\">\n\t\t\t\t\t\t<div class=\"elementor-element elementor-element-314fc9f elementor-widget elementor-widget-heading\" data-id=\"314fc9f\" data-element_type=\"widget\" data-e-type=\"widget\" data-widget_type=\"heading.default\">\n\t\t\t\t<div class=\"elementor-widget-container\">\n\t\t\t\t\t<h2 class=\"elementor-heading-title elementor-size-default\"><a href=\"https:\/\/venturelli-italia.it\/it\/prodotti\/\">Shop<\/a><\/h2>\t\t\t\t<\/div>\n\t\t\t\t<\/div>\n\t\t\t\t<div class=\"elementor-element elementor-element-657a33e elementor-widget elementor-widget-text-editor\" data-id=\"657a33e\" data-element_type=\"widget\" data-e-type=\"widget\" data-widget_type=\"text-editor.default\">\n\t\t\t\t<div class=\"elementor-widget-container\">\n\t\t\t\t\t\t\t\t\t<p>Il nostro Shop On Line a vostra disposizione per gustare le nostre Bont\u00e0 a casa vostra o per fare regali sicuramente graditi. <a href=\"https:\/\/venturelli-italia.it\/it\/cat\/olio-garda\/\">Olio Extravergine di Oliva<\/a>, <a href=\"https:\/\/venturelli-italia.it\/it\/cat\/aceti-condimenti\/\">Aceti<\/a> e <a href=\"https:\/\/venturelli-italia.it\/it\/cat\/aceti-condimenti\/\">Condimenti<\/a>, stuzzicanti antipasti <a href=\"https:\/\/venturelli-italia.it\/it\/cat\/sottolio\/\">Sott\u2019olio<\/a> preparati senza l\u2019utilizzo di conservanti. Le <a href=\"https:\/\/venturelli-italia.it\/it\/cat\/pasta-sughi-e-salse\/\">Pasta Sughi e Salse<\/a>, per condire primi piatti, portate di carne o pesce. Il <a href=\"https:\/\/venturelli-italia.it\/it\/cat\/miele-e-marmellate\/\">Miele<\/a>, prodotto dagli alveari della zona del Garda, le <a href=\"https:\/\/venturelli-italia.it\/it\/cat\/miele-e-marmellate\/\">Marmellate<\/a>, con tutta la vostra energia in un dolce sapore. E che dire dei <a href=\"https:\/\/venturelli-italia.it\/it\/cat\/dolci\/\">Dolci<\/a>? Disponibili solo per un breve periodo dell\u2019anno, le nostre <a href=\"https:\/\/venturelli-italia.it\/it\/cat\/dolci\/\">Offelle<\/a>, con le loro gustose varianti, vi faranno riscoprire i gusti di una volta. Le <a href=\"https:\/\/venturelli-italia.it\/it\/cat\/cesti-natalizi\/\">Confezioni<\/a>, in fine, raccolgono una selezione del meglio del meglio dei nostri prodotti.<\/p>\t\t\t\t\t\t\t\t<\/div>\n\t\t\t\t<\/div>\n\t\t\t\t<div class=\"elementor-element elementor-element-6baf0b0 elementor-align-center elementor-widget elementor-widget-button\" data-id=\"6baf0b0\" data-element_type=\"widget\" data-e-type=\"widget\" data-widget_type=\"button.default\">\n\t\t\t\t<div class=\"elementor-widget-container\">\n\t\t\t\t\t\t\t\t\t<div class=\"elementor-button-wrapper\">\n\t\t\t\t\t<a class=\"elementor-button elementor-button-link elementor-size-sm\" href=\"https:\/\/venturelli-italia.it\/it\/prodotti\/\">\n\t\t\t\t\t\t<span class=\"elementor-button-content-wrapper\">\n\t\t\t\t\t\t\t\t\t<span class=\"elementor-button-text\">Scopri di Pi\u00f9<\/span>\n\t\t\t\t\t<\/span>\n\t\t\t\t\t<\/a>\n\t\t\t\t<\/div>\n\t\t\t\t\t\t\t\t<\/div>\n\t\t\t\t<\/div>\n\t\t\t\t\t<\/div>\n\t\t<\/div>\n\t\t\t\t\t<\/div>\n\t\t<\/section>\n\t\t\t\t<section class=\"elementor-section elementor-top-section elementor-element elementor-element-7c9e27a elementor-section-boxed elementor-section-height-default elementor-section-height-default\" data-id=\"7c9e27a\" data-element_type=\"section\" data-e-type=\"section\">\n\t\t\t\t\t\t<div class=\"elementor-container elementor-column-gap-default\">\n\t\t\t\t\t<div class=\"elementor-column elementor-col-100 elementor-top-column elementor-element elementor-element-d8eea3f\" data-id=\"d8eea3f\" data-element_type=\"column\" data-e-type=\"column\">\n\t\t\t<div class=\"elementor-widget-wrap elementor-element-populated\">\n\t\t\t\t\t\t<div class=\"elementor-element elementor-element-45e5efc elementor-widget-divider--view-line elementor-widget elementor-widget-divider\" data-id=\"45e5efc\" data-element_type=\"widget\" data-e-type=\"widget\" data-widget_type=\"divider.default\">\n\t\t\t\t<div class=\"elementor-widget-container\">\n\t\t\t\t\t\t\t<div class=\"elementor-divider\">\n\t\t\t<span class=\"elementor-divider-separator\">\n\t\t\t\t\t\t<\/span>\n\t\t<\/div>\n\t\t\t\t\t\t<\/div>\n\t\t\t\t<\/div>\n\t\t\t\t\t<\/div>\n\t\t<\/div>\n\t\t\t\t\t<\/div>\n\t\t<\/section>\n\t\t\t\t<section class=\"elementor-section elementor-top-section elementor-element elementor-element-7cf66fd elementor-reverse-mobile elementor-section-boxed elementor-section-height-default elementor-section-height-default\" data-id=\"7cf66fd\" data-element_type=\"section\" data-e-type=\"section\">\n\t\t\t\t\t\t<div class=\"elementor-container elementor-column-gap-default\">\n\t\t\t\t\t<div class=\"elementor-column elementor-col-50 elementor-top-column elementor-element elementor-element-37171e6\" data-id=\"37171e6\" data-element_type=\"column\" data-e-type=\"column\">\n\t\t\t<div class=\"elementor-widget-wrap elementor-element-populated\">\n\t\t\t\t\t\t<div class=\"elementor-element elementor-element-3b2f7ce elementor-widget elementor-widget-heading\" data-id=\"3b2f7ce\" data-element_type=\"widget\" data-e-type=\"widget\" data-widget_type=\"heading.default\">\n\t\t\t\t<div class=\"elementor-widget-container\">\n\t\t\t\t\t<h2 class=\"elementor-heading-title elementor-size-default\"><a href=\"https:\/\/venturelli-italia.it\/it\/ristorante\/\">Ristorante<\/a><\/h2>\t\t\t\t<\/div>\n\t\t\t\t<\/div>\n\t\t\t\t<div class=\"elementor-element elementor-element-4ddb1a8 elementor-widget elementor-widget-text-editor\" data-id=\"4ddb1a8\" data-element_type=\"widget\" data-e-type=\"widget\" data-widget_type=\"text-editor.default\">\n\t\t\t\t<div class=\"elementor-widget-container\">\n\t\t\t\t\t\t\t\t\t<p><span style=\"font-weight: 400;\">Dato che il nostro quartier generale \u00e8 immerso nella natura tra gli ulivi del Lago di Garda a Brescia, \u00e8 sembrata una naturale evoluzione offrire la possibilit\u00e0 ai nostri Clienti di gustare le nostre <a href=\"https:\/\/venturelli-italia.it\/it\/prodotti\/\">Bont\u00e0<\/a> nel nostro <a href=\"https:\/\/venturelli-italia.it\/it\/ristorante\/\">Ristorante, Al Frantoio<\/a>. Cucina casalinga, ricette tradizionali e qualche tocco di magia, vi permetteranno di godervi i vostri Easy Lunch, gli Aperitivi, le Merende e, perch\u00e9 no, una Easy Dinner in un ambiente amichevole, molto rilassante e immerso nella natura. Entrate in <a href=\"https:\/\/venturelli-italia.it\/it\/contatti\/\">contatto<\/a> con il nostro Staff per farvi riservare un tavolo o per pensare, insieme, all&#8217;organizzazione di una festa privata o di un evento aziendale.<\/span><\/p>\t\t\t\t\t\t\t\t<\/div>\n\t\t\t\t<\/div>\n\t\t\t\t<div class=\"elementor-element elementor-element-fa01789 elementor-align-center elementor-widget elementor-widget-button\" data-id=\"fa01789\" data-element_type=\"widget\" data-e-type=\"widget\" data-widget_type=\"button.default\">\n\t\t\t\t<div class=\"elementor-widget-container\">\n\t\t\t\t\t\t\t\t\t<div class=\"elementor-button-wrapper\">\n\t\t\t\t\t<a class=\"elementor-button elementor-button-link elementor-size-sm\" href=\"https:\/\/venturelli-italia.it\/it\/ristorante\/\">\n\t\t\t\t\t\t<span class=\"elementor-button-content-wrapper\">\n\t\t\t\t\t\t\t\t\t<span class=\"elementor-button-text\">Scopri di Piu<\/span>\n\t\t\t\t\t<\/span>\n\t\t\t\t\t<\/a>\n\t\t\t\t<\/div>\n\t\t\t\t\t\t\t\t<\/div>\n\t\t\t\t<\/div>\n\t\t\t\t\t<\/div>\n\t\t<\/div>\n\t\t\t\t<div class=\"elementor-column elementor-col-50 elementor-top-column elementor-element elementor-element-7f9cbec\" data-id=\"7f9cbec\" data-element_type=\"column\" data-e-type=\"column\">\n\t\t\t<div class=\"elementor-widget-wrap elementor-element-populated\">\n\t\t\t\t\t\t<div class=\"elementor-element elementor-element-a27fd62 elementor-widget elementor-widget-image\" data-id=\"a27fd62\" data-element_type=\"widget\" data-e-type=\"widget\" data-widget_type=\"image.default\">\n\t\t\t\t<div class=\"elementor-widget-container\">\n\t\t\t\t\t\t\t\t\t\t\t\t\t\t\t\t<a href=\"https:\/\/venturelli-italia.it\/it\/ristorante\/\">\n\t\t\t\t\t\t\t<img loading=\"lazy\" decoding=\"async\" data-src=\"https:\/\/venturelli-italia.it\/wp-content\/uploads\/2021\/03\/ristorante-lago-di-garda-al-frantoio-768x520.jpg\" data-srcset=\"https:\/\/venturelli-italia.it\/wp-content\/uploads\/2021\/03\/ristorante-lago-di-garda-al-frantoio-768x520.jpg 768w, https:\/\/venturelli-italia.it\/wp-content\/uploads\/2021\/03\/ristorante-lago-di-garda-al-frantoio-300x203.jpg 300w, https:\/\/venturelli-italia.it\/wp-content\/uploads\/2021\/03\/ristorante-lago-di-garda-al-frantoio-1024x694.jpg 1024w, https:\/\/venturelli-italia.it\/wp-content\/uploads\/2021\/03\/ristorante-lago-di-garda-al-frantoio-600x407.jpg 600w, https:\/\/venturelli-italia.it\/wp-content\/uploads\/2021\/03\/ristorante-lago-di-garda-al-frantoio.jpg 1200w\" width=\"768\" height=\"520\" src=\"data:image\/gif;base64,R0lGODlhAQABAIAAAAAAAP\/\/\/yH5BAEAAAAALAAAAAABAAEAAAIBRAA7\" class=\"attachment-medium_large size-medium_large wp-image-51528 lazyload\" alt=\"Ristorante Lago di Garda Al Frantoio interno\"  sizes=\"(max-width: 768px) 100vw, 768px\" \/><noscript><img loading=\"lazy\" decoding=\"async\" width=\"768\" height=\"520\" src=\"https:\/\/venturelli-italia.it\/wp-content\/uploads\/2021\/03\/ristorante-lago-di-garda-al-frantoio-768x520.jpg\" class=\"attachment-medium_large size-medium_large wp-image-51528\" alt=\"Ristorante Lago di Garda Al Frantoio interno\" srcset=\"https:\/\/venturelli-italia.it\/wp-content\/uploads\/2021\/03\/ristorante-lago-di-garda-al-frantoio-768x520.jpg 768w, https:\/\/venturelli-italia.it\/wp-content\/uploads\/2021\/03\/ristorante-lago-di-garda-al-frantoio-300x203.jpg 300w, https:\/\/venturelli-italia.it\/wp-content\/uploads\/2021\/03\/ristorante-lago-di-garda-al-frantoio-1024x694.jpg 1024w, https:\/\/venturelli-italia.it\/wp-content\/uploads\/2021\/03\/ristorante-lago-di-garda-al-frantoio-600x407.jpg 600w, https:\/\/venturelli-italia.it\/wp-content\/uploads\/2021\/03\/ristorante-lago-di-garda-al-frantoio.jpg 1200w\" sizes=\"(max-width: 768px) 100vw, 768px\"><\/noscript>\t\t\t\t\t\t\t\t<\/a>\n\t\t\t\t\t\t\t\t\t\t\t\t\t\t\t<\/div>\n\t\t\t\t<\/div>\n\t\t\t\t\t<\/div>\n\t\t<\/div>\n\t\t\t\t\t<\/div>\n\t\t<\/section>\n\t\t\t\t<section class=\"elementor-section elementor-top-section elementor-element elementor-element-1347790 elementor-section-boxed elementor-section-height-default elementor-section-height-default\" data-id=\"1347790\" data-element_type=\"section\" data-e-type=\"section\" id=\"negozio\">\n\t\t\t\t\t\t<div class=\"elementor-container elementor-column-gap-default\">\n\t\t\t\t\t<div class=\"elementor-column elementor-col-100 elementor-top-column elementor-element elementor-element-2f0028f\" data-id=\"2f0028f\" data-element_type=\"column\" data-e-type=\"column\">\n\t\t\t<div class=\"elementor-widget-wrap elementor-element-populated\">\n\t\t\t\t\t\t<div class=\"elementor-element elementor-element-1045505 elementor-widget-divider--view-line elementor-widget elementor-widget-divider\" data-id=\"1045505\" data-element_type=\"widget\" data-e-type=\"widget\" id=\"esperienze-negozio\" data-widget_type=\"divider.default\">\n\t\t\t\t<div class=\"elementor-widget-container\">\n\t\t\t\t\t\t\t<div class=\"elementor-divider\">\n\t\t\t<span class=\"elementor-divider-separator\">\n\t\t\t\t\t\t<\/span>\n\t\t<\/div>\n\t\t\t\t\t\t<\/div>\n\t\t\t\t<\/div>\n\t\t\t\t\t<\/div>\n\t\t<\/div>\n\t\t\t\t\t<\/div>\n\t\t<\/section>\n\t\t\t\t<section class=\"elementor-section elementor-top-section elementor-element elementor-element-3d16a8c elementor-section-boxed elementor-section-height-default elementor-section-height-default\" data-id=\"3d16a8c\" data-element_type=\"section\" data-e-type=\"section\">\n\t\t\t\t\t\t<div class=\"elementor-container elementor-column-gap-default\">\n\t\t\t\t\t<div class=\"elementor-column elementor-col-50 elementor-top-column elementor-element elementor-element-9e4053d\" data-id=\"9e4053d\" data-element_type=\"column\" data-e-type=\"column\">\n\t\t\t<div class=\"elementor-widget-wrap elementor-element-populated\">\n\t\t\t\t\t\t<div class=\"elementor-element elementor-element-cde222d elementor-widget elementor-widget-image\" data-id=\"cde222d\" data-element_type=\"widget\" data-e-type=\"widget\" data-widget_type=\"image.default\">\n\t\t\t\t<div class=\"elementor-widget-container\">\n\t\t\t\t\t\t\t\t\t\t\t\t\t\t\t<img loading=\"lazy\" decoding=\"async\" data-src=\"https:\/\/venturelli-italia.it\/wp-content\/uploads\/2021\/03\/vendita-olio-del-garda-negozio-venturelli-768x490.jpg\" data-srcset=\"https:\/\/venturelli-italia.it\/wp-content\/uploads\/2021\/03\/vendita-olio-del-garda-negozio-venturelli-768x490.jpg 768w, https:\/\/venturelli-italia.it\/wp-content\/uploads\/2021\/03\/vendita-olio-del-garda-negozio-venturelli-300x191.jpg 300w, https:\/\/venturelli-italia.it\/wp-content\/uploads\/2021\/03\/vendita-olio-del-garda-negozio-venturelli-1024x653.jpg 1024w, https:\/\/venturelli-italia.it\/wp-content\/uploads\/2021\/03\/vendita-olio-del-garda-negozio-venturelli-600x383.jpg 600w, https:\/\/venturelli-italia.it\/wp-content\/uploads\/2021\/03\/vendita-olio-del-garda-negozio-venturelli.jpg 1200w\" width=\"768\" height=\"490\" src=\"data:image\/gif;base64,R0lGODlhAQABAIAAAAAAAP\/\/\/yH5BAEAAAAALAAAAAABAAEAAAIBRAA7\" class=\"attachment-medium_large size-medium_large wp-image-51498 lazyload\" alt=\"Vendita diretta olio del Garda, negozio Venturelli\"  sizes=\"(max-width: 768px) 100vw, 768px\" \/><noscript><img loading=\"lazy\" decoding=\"async\" width=\"768\" height=\"490\" src=\"https:\/\/venturelli-italia.it\/wp-content\/uploads\/2021\/03\/vendita-olio-del-garda-negozio-venturelli-768x490.jpg\" class=\"attachment-medium_large size-medium_large wp-image-51498\" alt=\"Vendita diretta olio del Garda, negozio Venturelli\" srcset=\"https:\/\/venturelli-italia.it\/wp-content\/uploads\/2021\/03\/vendita-olio-del-garda-negozio-venturelli-768x490.jpg 768w, https:\/\/venturelli-italia.it\/wp-content\/uploads\/2021\/03\/vendita-olio-del-garda-negozio-venturelli-300x191.jpg 300w, https:\/\/venturelli-italia.it\/wp-content\/uploads\/2021\/03\/vendita-olio-del-garda-negozio-venturelli-1024x653.jpg 1024w, https:\/\/venturelli-italia.it\/wp-content\/uploads\/2021\/03\/vendita-olio-del-garda-negozio-venturelli-600x383.jpg 600w, https:\/\/venturelli-italia.it\/wp-content\/uploads\/2021\/03\/vendita-olio-del-garda-negozio-venturelli.jpg 1200w\" sizes=\"(max-width: 768px) 100vw, 768px\"><\/noscript>\t\t\t\t\t\t\t\t\t\t\t\t\t\t\t<\/div>\n\t\t\t\t<\/div>\n\t\t\t\t\t<\/div>\n\t\t<\/div>\n\t\t\t\t<div class=\"elementor-column elementor-col-50 elementor-top-column elementor-element elementor-element-4ec0655\" data-id=\"4ec0655\" data-element_type=\"column\" data-e-type=\"column\">\n\t\t\t<div class=\"elementor-widget-wrap elementor-element-populated\">\n\t\t\t\t\t\t<div class=\"elementor-element elementor-element-ad2f50f elementor-widget elementor-widget-heading\" data-id=\"ad2f50f\" data-element_type=\"widget\" data-e-type=\"widget\" data-widget_type=\"heading.default\">\n\t\t\t\t<div class=\"elementor-widget-container\">\n\t\t\t\t\t<h2 class=\"elementor-heading-title elementor-size-default\">Negozio<\/h2>\t\t\t\t<\/div>\n\t\t\t\t<\/div>\n\t\t\t\t<div class=\"elementor-element elementor-element-2400762 elementor-widget elementor-widget-text-editor\" data-id=\"2400762\" data-element_type=\"widget\" data-e-type=\"widget\" data-widget_type=\"text-editor.default\">\n\t\t\t\t<div class=\"elementor-widget-container\">\n\t\t\t\t\t\t\t\t\t<p><span style=\"font-weight: 400;\">All&#8217;interno del nostro quartier generale, immerso nella natura tra gli ulivi del Lago di Garda a Brescia, troverete il nostro Negozio con tutte le nostre Bont\u00e0 a portata di mano. I nostri Clienti pi\u00f9 affezionati, da oltre 20 anni, vengono a trovarci regolarmente e, noi, facciamo del nostro meglio per far trovare loro i nostri prodotti pi\u00f9 classici, affiancati dai risultati della nostra continua ricerca, alla caccia delle <a href=\"https:\/\/venturelli-italia.it\/it\/prodotti\/\">Bont\u00e0<\/a> pi\u00f9 gustose. Olio Extravergine di Oliva, Aceti, Sott\u2019olio, Salse Creme e Sughi, Miele e Marmellate, Dolci e le nostre fantastiche Confezioni; venite a trovarci, vi prenderemo per la gola.<\/span><\/p>\t\t\t\t\t\t\t\t<\/div>\n\t\t\t\t<\/div>\n\t\t\t\t<div class=\"elementor-element elementor-element-0d1bf90 elementor-align-center elementor-widget elementor-widget-button\" data-id=\"0d1bf90\" data-element_type=\"widget\" data-e-type=\"widget\" data-widget_type=\"button.default\">\n\t\t\t\t<div class=\"elementor-widget-container\">\n\t\t\t\t\t\t\t\t\t<div class=\"elementor-button-wrapper\">\n\t\t\t\t\t<a class=\"elementor-button elementor-button-link elementor-size-sm\" href=\"https:\/\/venturelli-italia.it\/it\/prodotti\/\">\n\t\t\t\t\t\t<span class=\"elementor-button-content-wrapper\">\n\t\t\t\t\t\t\t\t\t<span class=\"elementor-button-text\">Vedi i prodotti<\/span>\n\t\t\t\t\t<\/span>\n\t\t\t\t\t<\/a>\n\t\t\t\t<\/div>\n\t\t\t\t\t\t\t\t<\/div>\n\t\t\t\t<\/div>\n\t\t\t\t\t<\/div>\n\t\t<\/div>\n\t\t\t\t\t<\/div>\n\t\t<\/section>\n\t\t\t\t<section class=\"elementor-section elementor-top-section elementor-element elementor-element-5c9cff5 elementor-section-boxed elementor-section-height-default elementor-section-height-default\" data-id=\"5c9cff5\" data-element_type=\"section\" data-e-type=\"section\">\n\t\t\t\t\t\t<div class=\"elementor-container elementor-column-gap-default\">\n\t\t\t\t\t<div class=\"elementor-column elementor-col-100 elementor-top-column elementor-element elementor-element-9e57514\" data-id=\"9e57514\" data-element_type=\"column\" data-e-type=\"column\">\n\t\t\t<div class=\"elementor-widget-wrap elementor-element-populated\">\n\t\t\t\t\t\t<div class=\"elementor-element elementor-element-8f6f4c9 elementor-widget-divider--view-line elementor-widget elementor-widget-divider\" data-id=\"8f6f4c9\" data-element_type=\"widget\" data-e-type=\"widget\" data-widget_type=\"divider.default\">\n\t\t\t\t<div class=\"elementor-widget-container\">\n\t\t\t\t\t\t\t<div class=\"elementor-divider\">\n\t\t\t<span class=\"elementor-divider-separator\">\n\t\t\t\t\t\t<\/span>\n\t\t<\/div>\n\t\t\t\t\t\t<\/div>\n\t\t\t\t<\/div>\n\t\t\t\t\t<\/div>\n\t\t<\/div>\n\t\t\t\t\t<\/div>\n\t\t<\/section>\n\t\t\t\t<section class=\"elementor-section elementor-top-section elementor-element elementor-element-c0f95e7 elementor-reverse-mobile elementor-section-boxed elementor-section-height-default elementor-section-height-default\" data-id=\"c0f95e7\" data-element_type=\"section\" data-e-type=\"section\">\n\t\t\t\t\t\t<div class=\"elementor-container elementor-column-gap-default\">\n\t\t\t\t\t<div class=\"elementor-column elementor-col-50 elementor-top-column elementor-element elementor-element-fd4735f\" data-id=\"fd4735f\" data-element_type=\"column\" data-e-type=\"column\">\n\t\t\t<div class=\"elementor-widget-wrap elementor-element-populated\">\n\t\t\t\t\t\t<div class=\"elementor-element elementor-element-8e257d6 elementor-widget elementor-widget-heading\" data-id=\"8e257d6\" data-element_type=\"widget\" data-e-type=\"widget\" data-widget_type=\"heading.default\">\n\t\t\t\t<div class=\"elementor-widget-container\">\n\t\t\t\t\t<h2 class=\"elementor-heading-title elementor-size-default\">Eventi<\/h2>\t\t\t\t<\/div>\n\t\t\t\t<\/div>\n\t\t\t\t<div class=\"elementor-element elementor-element-27fda0a elementor-widget elementor-widget-text-editor\" data-id=\"27fda0a\" data-element_type=\"widget\" data-e-type=\"widget\" data-widget_type=\"text-editor.default\">\n\t\t\t\t<div class=\"elementor-widget-container\">\n\t\t\t\t\t\t\t\t\t<p>Festa privata, festa di compleanno, laurea oppure un semplice ritrovo tra amici con del buon cibo e un po\u2019 di musica. Eventi aziendali, presentazioni di nuovi prodotti o servizi, eventi di team building. Passioni comuni come il golf, le auto storiche o i giochi di ruolo, per esempio. Alla Venturelli gestiamo per voi tutto l\u2019aspetto organizzativo dell\u2019evento e vi riserviamo gli spazi necessari per strutturarlo secondo le vostre preferenze. A vostra disposizione, una posizione invidiabile immersa tra natura e olivi del Lago di Garda a Brescia, il nostro Staff e le nostre <a href=\"https:\/\/venturelli-italia.it\/it\/prodotti\/\">Bont\u00e0<\/a>.<\/p>\t\t\t\t\t\t\t\t<\/div>\n\t\t\t\t<\/div>\n\t\t\t\t<div class=\"elementor-element elementor-element-7b763be elementor-align-center elementor-widget elementor-widget-button\" data-id=\"7b763be\" data-element_type=\"widget\" data-e-type=\"widget\" data-widget_type=\"button.default\">\n\t\t\t\t<div class=\"elementor-widget-container\">\n\t\t\t\t\t\t\t\t\t<div class=\"elementor-button-wrapper\">\n\t\t\t\t\t<a class=\"elementor-button elementor-button-link elementor-size-sm\" href=\"https:\/\/venturelli-italia.it\/it\/contatti\/\">\n\t\t\t\t\t\t<span class=\"elementor-button-content-wrapper\">\n\t\t\t\t\t\t\t\t\t<span class=\"elementor-button-text\">Contattaci Adesso<\/span>\n\t\t\t\t\t<\/span>\n\t\t\t\t\t<\/a>\n\t\t\t\t<\/div>\n\t\t\t\t\t\t\t\t<\/div>\n\t\t\t\t<\/div>\n\t\t\t\t\t<\/div>\n\t\t<\/div>\n\t\t\t\t<div class=\"elementor-column elementor-col-50 elementor-top-column elementor-element elementor-element-c4abea1\" data-id=\"c4abea1\" data-element_type=\"column\" data-e-type=\"column\">\n\t\t\t<div class=\"elementor-widget-wrap elementor-element-populated\">\n\t\t\t\t\t\t<div class=\"elementor-element elementor-element-fd37e05 elementor-widget elementor-widget-image\" data-id=\"fd37e05\" data-element_type=\"widget\" data-e-type=\"widget\" data-widget_type=\"image.default\">\n\t\t\t\t<div class=\"elementor-widget-container\">\n\t\t\t\t\t\t\t\t\t\t\t\t\t\t\t<img loading=\"lazy\" decoding=\"async\" data-src=\"https:\/\/venturelli-italia.it\/wp-content\/uploads\/2021\/03\/aperitivo-sul-lago-garda-ristorante-al-frantoio-768x515.jpg\" data-srcset=\"https:\/\/venturelli-italia.it\/wp-content\/uploads\/2021\/03\/aperitivo-sul-lago-garda-ristorante-al-frantoio-768x515.jpg 768w, https:\/\/venturelli-italia.it\/wp-content\/uploads\/2021\/03\/aperitivo-sul-lago-garda-ristorante-al-frantoio-300x201.jpg 300w, https:\/\/venturelli-italia.it\/wp-content\/uploads\/2021\/03\/aperitivo-sul-lago-garda-ristorante-al-frantoio-1024x686.jpg 1024w, https:\/\/venturelli-italia.it\/wp-content\/uploads\/2021\/03\/aperitivo-sul-lago-garda-ristorante-al-frantoio-1536x1029.jpg 1536w, https:\/\/venturelli-italia.it\/wp-content\/uploads\/2021\/03\/aperitivo-sul-lago-garda-ristorante-al-frantoio-2048x1372.jpg 2048w\" width=\"768\" height=\"515\" src=\"data:image\/gif;base64,R0lGODlhAQABAIAAAAAAAP\/\/\/yH5BAEAAAAALAAAAAABAAEAAAIBRAA7\" class=\"attachment-medium_large size-medium_large wp-image-51530 lazyload\" alt=\"\"  sizes=\"(max-width: 768px) 100vw, 768px\" \/><noscript><img loading=\"lazy\" decoding=\"async\" width=\"768\" height=\"515\" src=\"https:\/\/venturelli-italia.it\/wp-content\/uploads\/2021\/03\/aperitivo-sul-lago-garda-ristorante-al-frantoio-768x515.jpg\" class=\"attachment-medium_large size-medium_large wp-image-51530\" alt=\"\" srcset=\"https:\/\/venturelli-italia.it\/wp-content\/uploads\/2021\/03\/aperitivo-sul-lago-garda-ristorante-al-frantoio-768x515.jpg 768w, https:\/\/venturelli-italia.it\/wp-content\/uploads\/2021\/03\/aperitivo-sul-lago-garda-ristorante-al-frantoio-300x201.jpg 300w, https:\/\/venturelli-italia.it\/wp-content\/uploads\/2021\/03\/aperitivo-sul-lago-garda-ristorante-al-frantoio-1024x686.jpg 1024w, https:\/\/venturelli-italia.it\/wp-content\/uploads\/2021\/03\/aperitivo-sul-lago-garda-ristorante-al-frantoio-1536x1029.jpg 1536w, https:\/\/venturelli-italia.it\/wp-content\/uploads\/2021\/03\/aperitivo-sul-lago-garda-ristorante-al-frantoio-2048x1372.jpg 2048w\" sizes=\"(max-width: 768px) 100vw, 768px\"><\/noscript>\t\t\t\t\t\t\t\t\t\t\t\t\t\t\t<\/div>\n\t\t\t\t<\/div>\n\t\t\t\t\t<\/div>\n\t\t<\/div>\n\t\t\t\t\t<\/div>\n\t\t<\/section>\n\t\t\t\t<section class=\"elementor-section elementor-top-section elementor-element elementor-element-cb792a5 elementor-section-boxed elementor-section-height-default elementor-section-height-default\" data-id=\"cb792a5\" data-element_type=\"section\" data-e-type=\"section\" id=\"visite\">\n\t\t\t\t\t\t<div class=\"elementor-container elementor-column-gap-default\">\n\t\t\t\t\t<div class=\"elementor-column elementor-col-100 elementor-top-column elementor-element elementor-element-6ab9925\" data-id=\"6ab9925\" data-element_type=\"column\" data-e-type=\"column\">\n\t\t\t<div class=\"elementor-widget-wrap elementor-element-populated\">\n\t\t\t\t\t\t<div class=\"elementor-element elementor-element-88b0fc5 elementor-widget-divider--view-line elementor-widget elementor-widget-divider\" data-id=\"88b0fc5\" data-element_type=\"widget\" data-e-type=\"widget\" data-widget_type=\"divider.default\">\n\t\t\t\t<div class=\"elementor-widget-container\">\n\t\t\t\t\t\t\t<div class=\"elementor-divider\">\n\t\t\t<span class=\"elementor-divider-separator\">\n\t\t\t\t\t\t<\/span>\n\t\t<\/div>\n\t\t\t\t\t\t<\/div>\n\t\t\t\t<\/div>\n\t\t\t\t\t<\/div>\n\t\t<\/div>\n\t\t\t\t\t<\/div>\n\t\t<\/section>\n\t\t\t\t<section class=\"elementor-section elementor-top-section elementor-element elementor-element-7e8c8ba elementor-section-boxed elementor-section-height-default elementor-section-height-default\" data-id=\"7e8c8ba\" data-element_type=\"section\" data-e-type=\"section\">\n\t\t\t\t\t\t<div class=\"elementor-container elementor-column-gap-default\">\n\t\t\t\t\t<div class=\"elementor-column elementor-col-50 elementor-top-column elementor-element elementor-element-92a243a\" data-id=\"92a243a\" data-element_type=\"column\" data-e-type=\"column\">\n\t\t\t<div class=\"elementor-widget-wrap elementor-element-populated\">\n\t\t\t\t\t\t<div class=\"elementor-element elementor-element-8595957 elementor-widget elementor-widget-image\" data-id=\"8595957\" data-element_type=\"widget\" data-e-type=\"widget\" data-widget_type=\"image.default\">\n\t\t\t\t<div class=\"elementor-widget-container\">\n\t\t\t\t\t\t\t\t\t\t\t\t\t\t\t\t<a href=\"https:\/\/venturelli-italia.it\/it\/visite-guidate\/\">\n\t\t\t\t\t\t\t<img loading=\"lazy\" decoding=\"async\" data-src=\"https:\/\/venturelli-italia.it\/wp-content\/uploads\/2021\/03\/frantoio-lago-di-garda-vendita-diretta-768x515.jpg\" data-srcset=\"https:\/\/venturelli-italia.it\/wp-content\/uploads\/2021\/03\/frantoio-lago-di-garda-vendita-diretta-768x515.jpg 768w, https:\/\/venturelli-italia.it\/wp-content\/uploads\/2021\/03\/frantoio-lago-di-garda-vendita-diretta-300x201.jpg 300w, https:\/\/venturelli-italia.it\/wp-content\/uploads\/2021\/03\/frantoio-lago-di-garda-vendita-diretta-1024x686.jpg 1024w, https:\/\/venturelli-italia.it\/wp-content\/uploads\/2021\/03\/frantoio-lago-di-garda-vendita-diretta-1536x1029.jpg 1536w, https:\/\/venturelli-italia.it\/wp-content\/uploads\/2021\/03\/frantoio-lago-di-garda-vendita-diretta-2048x1372.jpg 2048w\" width=\"768\" height=\"515\" src=\"data:image\/gif;base64,R0lGODlhAQABAIAAAAAAAP\/\/\/yH5BAEAAAAALAAAAAABAAEAAAIBRAA7\" class=\"attachment-medium_large size-medium_large wp-image-51533 lazyload\" alt=\"Dettaglio frantoio sul lago di Garda con vendita diretta al pubblico\"  sizes=\"(max-width: 768px) 100vw, 768px\" \/><noscript><img loading=\"lazy\" decoding=\"async\" width=\"768\" height=\"515\" src=\"https:\/\/venturelli-italia.it\/wp-content\/uploads\/2021\/03\/frantoio-lago-di-garda-vendita-diretta-768x515.jpg\" class=\"attachment-medium_large size-medium_large wp-image-51533\" alt=\"Dettaglio frantoio sul lago di Garda con vendita diretta al pubblico\" srcset=\"https:\/\/venturelli-italia.it\/wp-content\/uploads\/2021\/03\/frantoio-lago-di-garda-vendita-diretta-768x515.jpg 768w, https:\/\/venturelli-italia.it\/wp-content\/uploads\/2021\/03\/frantoio-lago-di-garda-vendita-diretta-300x201.jpg 300w, https:\/\/venturelli-italia.it\/wp-content\/uploads\/2021\/03\/frantoio-lago-di-garda-vendita-diretta-1024x686.jpg 1024w, https:\/\/venturelli-italia.it\/wp-content\/uploads\/2021\/03\/frantoio-lago-di-garda-vendita-diretta-1536x1029.jpg 1536w, https:\/\/venturelli-italia.it\/wp-content\/uploads\/2021\/03\/frantoio-lago-di-garda-vendita-diretta-2048x1372.jpg 2048w\" sizes=\"(max-width: 768px) 100vw, 768px\"><\/noscript>\t\t\t\t\t\t\t\t<\/a>\n\t\t\t\t\t\t\t\t\t\t\t\t\t\t\t<\/div>\n\t\t\t\t<\/div>\n\t\t\t\t\t<\/div>\n\t\t<\/div>\n\t\t\t\t<div class=\"elementor-column elementor-col-50 elementor-top-column elementor-element elementor-element-3b769fe\" data-id=\"3b769fe\" data-element_type=\"column\" data-e-type=\"column\">\n\t\t\t<div class=\"elementor-widget-wrap elementor-element-populated\">\n\t\t\t\t\t\t<div class=\"elementor-element elementor-element-06982b5 elementor-widget elementor-widget-heading\" data-id=\"06982b5\" data-element_type=\"widget\" data-e-type=\"widget\" data-widget_type=\"heading.default\">\n\t\t\t\t<div class=\"elementor-widget-container\">\n\t\t\t\t\t<h2 class=\"elementor-heading-title elementor-size-default\">Visite Guidate<\/h2>\t\t\t\t<\/div>\n\t\t\t\t<\/div>\n\t\t\t\t<div class=\"elementor-element elementor-element-a2fe4a6 elementor-widget elementor-widget-text-editor\" data-id=\"a2fe4a6\" data-element_type=\"widget\" data-e-type=\"widget\" data-widget_type=\"text-editor.default\">\n\t\t\t\t<div class=\"elementor-widget-container\">\n\t\t\t\t\t\t\t\t\t<p>Grazie al grande successo delle visite guidate al nostro Frantoio sul Lago di Garda, abbiamo creato una <a href=\"https:\/\/venturelli-italia.it\/it\/visite-guidate\/\">pagina dedicata all&#8217;evento<\/a>, con tutte le informazioni e la possibilit\u00e0 di prenotazione diretta.<\/p>\t\t\t\t\t\t\t\t<\/div>\n\t\t\t\t<\/div>\n\t\t\t\t<div class=\"elementor-element elementor-element-34da402 elementor-align-center elementor-widget elementor-widget-button\" data-id=\"34da402\" data-element_type=\"widget\" data-e-type=\"widget\" data-widget_type=\"button.default\">\n\t\t\t\t<div class=\"elementor-widget-container\">\n\t\t\t\t\t\t\t\t\t<div class=\"elementor-button-wrapper\">\n\t\t\t\t\t<a class=\"elementor-button elementor-button-link elementor-size-sm\" href=\"https:\/\/venturelli-italia.it\/it\/visite-guidate\/\">\n\t\t\t\t\t\t<span class=\"elementor-button-content-wrapper\">\n\t\t\t\t\t\t\t\t\t<span class=\"elementor-button-text\">Scopri tutto<\/span>\n\t\t\t\t\t<\/span>\n\t\t\t\t\t<\/a>\n\t\t\t\t<\/div>\n\t\t\t\t\t\t\t\t<\/div>\n\t\t\t\t<\/div>\n\t\t\t\t\t<\/div>\n\t\t<\/div>\n\t\t\t\t\t<\/div>\n\t\t<\/section>\n\t\t\t\t<\/div>\n\t\t","protected":false},"excerpt":{"rendered":"<p>&#8220;Trattiamo con cura persone, materie prime e territorio. Con i nostri clienti, facciamo ancora meglio&#8221;<\/p>\n","protected":false},"author":1,"featured_media":50551,"parent":0,"menu_order":0,"comment_status":"closed","ping_status":"closed","template":"","meta":{"_acf_changed":false,"footnotes":""},"class_list":["post-7634","page","type-page","status-publish","has-post-thumbnail","hentry"],"acf":[],"yoast_head":"<!-- This site is optimized with the Yoast SEO plugin v28.4 - https:\/\/yoast.com\/product\/yoast-seo-wordpress\/ -->\n<title>Frantoio Lago di Garda | Vendita Diretta | Oleificio Venturelli<\/title>\n<meta name=\"description\" content=\"Venturelli \u00e8 un frantoio sul lago di Garda con vendita diretta, ristorante e shop online che offre la miglior selezione di olio del Garda. Vieni a trovarci!\" \/>\n<meta name=\"robots\" content=\"index, follow, max-snippet:-1, max-image-preview:large, max-video-preview:-1\" \/>\n<link rel=\"canonical\" href=\"https:\/\/venturelli-italia.it\/it\/chi-siamo\/\" \/>\n<meta property=\"og:locale\" content=\"it_IT\" \/>\n<meta property=\"og:type\" content=\"article\" \/>\n<meta property=\"og:title\" content=\"Frantoio Lago di Garda | Vendita Diretta | Oleificio Venturelli\" \/>\n<meta property=\"og:description\" content=\"Venturelli \u00e8 un frantoio sul lago di Garda con vendita diretta, ristorante e shop online che offre la miglior selezione di olio del Garda. Vieni a trovarci!\" \/>\n<meta property=\"og:url\" content=\"https:\/\/venturelli-italia.it\/it\/chi-siamo\/\" \/>\n<meta property=\"og:site_name\" content=\"Venturelli-Italia\" \/>\n<meta property=\"article:publisher\" content=\"http:\/\/www.facebook.com\/venturelliitalia\" \/>\n<meta property=\"article:modified_time\" content=\"2024-12-23T08:25:59+00:00\" \/>\n<meta property=\"og:image\" content=\"https:\/\/venturelli-italia.it\/wp-content\/uploads\/2020\/05\/location_42.jpg\" \/>\n\t<meta property=\"og:image:width\" content=\"1200\" \/>\n\t<meta property=\"og:image:height\" content=\"800\" \/>\n\t<meta property=\"og:image:type\" content=\"image\/jpeg\" \/>\n<meta name=\"twitter:card\" content=\"summary_large_image\" \/>\n<meta name=\"twitter:label1\" content=\"Tempo di lettura stimato\" \/>\n\t<meta name=\"twitter:data1\" content=\"5 minuti\" \/>\n<script type=\"application\/ld+json\" class=\"yoast-schema-graph\">{\"@context\":\"https:\\\/\\\/schema.org\",\"@graph\":[{\"@type\":\"WebPage\",\"@id\":\"https:\\\/\\\/venturelli-italia.it\\\/it\\\/chi-siamo\\\/\",\"url\":\"https:\\\/\\\/venturelli-italia.it\\\/it\\\/chi-siamo\\\/\",\"name\":\"Frantoio Lago di Garda | Vendita Diretta | Oleificio Venturelli\",\"isPartOf\":{\"@id\":\"https:\\\/\\\/venturelli-italia.it\\\/it\\\/#website\"},\"primaryImageOfPage\":{\"@id\":\"https:\\\/\\\/venturelli-italia.it\\\/it\\\/chi-siamo\\\/#primaryimage\"},\"image\":{\"@id\":\"https:\\\/\\\/venturelli-italia.it\\\/it\\\/chi-siamo\\\/#primaryimage\"},\"thumbnailUrl\":\"https:\\\/\\\/venturelli-italia.it\\\/wp-content\\\/uploads\\\/2020\\\/05\\\/location_42.jpg\",\"datePublished\":\"2020-01-27T12:31:21+00:00\",\"dateModified\":\"2024-12-23T08:25:59+00:00\",\"description\":\"Venturelli \u00e8 un frantoio sul lago di Garda con vendita diretta, ristorante e shop online che offre la miglior selezione di olio del Garda. Vieni a trovarci!\",\"breadcrumb\":{\"@id\":\"https:\\\/\\\/venturelli-italia.it\\\/it\\\/chi-siamo\\\/#breadcrumb\"},\"inLanguage\":\"it-IT\",\"potentialAction\":[{\"@type\":\"ReadAction\",\"target\":[\"https:\\\/\\\/venturelli-italia.it\\\/it\\\/chi-siamo\\\/\"]}]},{\"@type\":\"ImageObject\",\"inLanguage\":\"it-IT\",\"@id\":\"https:\\\/\\\/venturelli-italia.it\\\/it\\\/chi-siamo\\\/#primaryimage\",\"url\":\"https:\\\/\\\/venturelli-italia.it\\\/wp-content\\\/uploads\\\/2020\\\/05\\\/location_42.jpg\",\"contentUrl\":\"https:\\\/\\\/venturelli-italia.it\\\/wp-content\\\/uploads\\\/2020\\\/05\\\/location_42.jpg\",\"width\":1200,\"height\":800,\"caption\":\"Giardino del ristorante Al Frantoio sul lago di Garda\"},{\"@type\":\"BreadcrumbList\",\"@id\":\"https:\\\/\\\/venturelli-italia.it\\\/it\\\/chi-siamo\\\/#breadcrumb\",\"itemListElement\":[{\"@type\":\"ListItem\",\"position\":1,\"name\":\"Home\",\"item\":\"https:\\\/\\\/venturelli-italia.it\\\/it\\\/\"},{\"@type\":\"ListItem\",\"position\":2,\"name\":\"Il nostro frantoio sul Lago di Garda con vendita diretta e ristorante\"}]},{\"@type\":\"WebSite\",\"@id\":\"https:\\\/\\\/venturelli-italia.it\\\/it\\\/#website\",\"url\":\"https:\\\/\\\/venturelli-italia.it\\\/it\\\/\",\"name\":\"Venturelli-Italia\",\"description\":\"Vendita on line di Olio Extra Vergine di Oliva del Garda\",\"publisher\":{\"@id\":\"https:\\\/\\\/venturelli-italia.it\\\/it\\\/#organization\"},\"potentialAction\":[{\"@type\":\"SearchAction\",\"target\":{\"@type\":\"EntryPoint\",\"urlTemplate\":\"https:\\\/\\\/venturelli-italia.it\\\/it\\\/?s={search_term_string}\"},\"query-input\":{\"@type\":\"PropertyValueSpecification\",\"valueRequired\":true,\"valueName\":\"search_term_string\"}}],\"inLanguage\":\"it-IT\"},{\"@type\":\"Organization\",\"@id\":\"https:\\\/\\\/venturelli-italia.it\\\/it\\\/#organization\",\"name\":\"Venturelli-Italia\",\"url\":\"https:\\\/\\\/venturelli-italia.it\\\/it\\\/\",\"logo\":{\"@type\":\"ImageObject\",\"inLanguage\":\"it-IT\",\"@id\":\"https:\\\/\\\/venturelli-italia.it\\\/it\\\/#\\\/schema\\\/logo\\\/image\\\/\",\"url\":\"https:\\\/\\\/venturelli-italia.it\\\/wp-content\\\/uploads\\\/2020\\\/02\\\/venturelli-al-frantoio-2020.png\",\"contentUrl\":\"https:\\\/\\\/venturelli-italia.it\\\/wp-content\\\/uploads\\\/2020\\\/02\\\/venturelli-al-frantoio-2020.png\",\"width\":243,\"height\":80,\"caption\":\"Venturelli-Italia\"},\"image\":{\"@id\":\"https:\\\/\\\/venturelli-italia.it\\\/it\\\/#\\\/schema\\\/logo\\\/image\\\/\"},\"sameAs\":[\"http:\\\/\\\/www.facebook.com\\\/venturelliitalia\",\"https:\\\/\\\/www.instagram.com\\\/venturellibontamadeinitaly\\\/\"]}]}<\/script>\n<!-- \/ Yoast SEO plugin. -->","yoast_head_json":{"title":"Frantoio Lago di Garda | Vendita Diretta | Oleificio Venturelli","description":"Venturelli \u00e8 un frantoio sul lago di Garda con vendita diretta, ristorante e shop online che offre la miglior selezione di olio del Garda. Vieni a trovarci!","robots":{"index":"index","follow":"follow","max-snippet":"max-snippet:-1","max-image-preview":"max-image-preview:large","max-video-preview":"max-video-preview:-1"},"canonical":"https:\/\/venturelli-italia.it\/it\/chi-siamo\/","og_locale":"it_IT","og_type":"article","og_title":"Frantoio Lago di Garda | Vendita Diretta | Oleificio Venturelli","og_description":"Venturelli \u00e8 un frantoio sul lago di Garda con vendita diretta, ristorante e shop online che offre la miglior selezione di olio del Garda. Vieni a trovarci!","og_url":"https:\/\/venturelli-italia.it\/it\/chi-siamo\/","og_site_name":"Venturelli-Italia","article_publisher":"http:\/\/www.facebook.com\/venturelliitalia","article_modified_time":"2024-12-23T08:25:59+00:00","og_image":[{"width":1200,"height":800,"url":"https:\/\/venturelli-italia.it\/wp-content\/uploads\/2020\/05\/location_42.jpg","type":"image\/jpeg"}],"twitter_card":"summary_large_image","twitter_misc":{"Tempo di lettura stimato":"5 minuti"},"schema":{"@context":"https:\/\/schema.org","@graph":[{"@type":"WebPage","@id":"https:\/\/venturelli-italia.it\/it\/chi-siamo\/","url":"https:\/\/venturelli-italia.it\/it\/chi-siamo\/","name":"Frantoio Lago di Garda | Vendita Diretta | Oleificio Venturelli","isPartOf":{"@id":"https:\/\/venturelli-italia.it\/it\/#website"},"primaryImageOfPage":{"@id":"https:\/\/venturelli-italia.it\/it\/chi-siamo\/#primaryimage"},"image":{"@id":"https:\/\/venturelli-italia.it\/it\/chi-siamo\/#primaryimage"},"thumbnailUrl":"https:\/\/venturelli-italia.it\/wp-content\/uploads\/2020\/05\/location_42.jpg","datePublished":"2020-01-27T12:31:21+00:00","dateModified":"2024-12-23T08:25:59+00:00","description":"Venturelli \u00e8 un frantoio sul lago di Garda con vendita diretta, ristorante e shop online che offre la miglior selezione di olio del Garda. Vieni a trovarci!","breadcrumb":{"@id":"https:\/\/venturelli-italia.it\/it\/chi-siamo\/#breadcrumb"},"inLanguage":"it-IT","potentialAction":[{"@type":"ReadAction","target":["https:\/\/venturelli-italia.it\/it\/chi-siamo\/"]}]},{"@type":"ImageObject","inLanguage":"it-IT","@id":"https:\/\/venturelli-italia.it\/it\/chi-siamo\/#primaryimage","url":"https:\/\/venturelli-italia.it\/wp-content\/uploads\/2020\/05\/location_42.jpg","contentUrl":"https:\/\/venturelli-italia.it\/wp-content\/uploads\/2020\/05\/location_42.jpg","width":1200,"height":800,"caption":"Giardino del ristorante Al Frantoio sul lago di Garda"},{"@type":"BreadcrumbList","@id":"https:\/\/venturelli-italia.it\/it\/chi-siamo\/#breadcrumb","itemListElement":[{"@type":"ListItem","position":1,"name":"Home","item":"https:\/\/venturelli-italia.it\/it\/"},{"@type":"ListItem","position":2,"name":"Il nostro frantoio sul Lago di Garda con vendita diretta e ristorante"}]},{"@type":"WebSite","@id":"https:\/\/venturelli-italia.it\/it\/#website","url":"https:\/\/venturelli-italia.it\/it\/","name":"Venturelli-Italia","description":"Vendita on line di Olio Extra Vergine di Oliva del Garda","publisher":{"@id":"https:\/\/venturelli-italia.it\/it\/#organization"},"potentialAction":[{"@type":"SearchAction","target":{"@type":"EntryPoint","urlTemplate":"https:\/\/venturelli-italia.it\/it\/?s={search_term_string}"},"query-input":{"@type":"PropertyValueSpecification","valueRequired":true,"valueName":"search_term_string"}}],"inLanguage":"it-IT"},{"@type":"Organization","@id":"https:\/\/venturelli-italia.it\/it\/#organization","name":"Venturelli-Italia","url":"https:\/\/venturelli-italia.it\/it\/","logo":{"@type":"ImageObject","inLanguage":"it-IT","@id":"https:\/\/venturelli-italia.it\/it\/#\/schema\/logo\/image\/","url":"https:\/\/venturelli-italia.it\/wp-content\/uploads\/2020\/02\/venturelli-al-frantoio-2020.png","contentUrl":"https:\/\/venturelli-italia.it\/wp-content\/uploads\/2020\/02\/venturelli-al-frantoio-2020.png","width":243,"height":80,"caption":"Venturelli-Italia"},"image":{"@id":"https:\/\/venturelli-italia.it\/it\/#\/schema\/logo\/image\/"},"sameAs":["http:\/\/www.facebook.com\/venturelliitalia","https:\/\/www.instagram.com\/venturellibontamadeinitaly\/"]}]}},"_links":{"self":[{"href":"https:\/\/venturelli-italia.it\/it\/wp-json\/wp\/v2\/pages\/7634","targetHints":{"allow":["GET"]}}],"collection":[{"href":"https:\/\/venturelli-italia.it\/it\/wp-json\/wp\/v2\/pages"}],"about":[{"href":"https:\/\/venturelli-italia.it\/it\/wp-json\/wp\/v2\/types\/page"}],"author":[{"embeddable":true,"href":"https:\/\/venturelli-italia.it\/it\/wp-json\/wp\/v2\/users\/1"}],"replies":[{"embeddable":true,"href":"https:\/\/venturelli-italia.it\/it\/wp-json\/wp\/v2\/comments?post=7634"}],"version-history":[{"count":0,"href":"https:\/\/venturelli-italia.it\/it\/wp-json\/wp\/v2\/pages\/7634\/revisions"}],"wp:featuredmedia":[{"embeddable":true,"href":"https:\/\/venturelli-italia.it\/it\/wp-json\/wp\/v2\/media\/50551"}],"wp:attachment":[{"href":"https:\/\/venturelli-italia.it\/it\/wp-json\/wp\/v2\/media?parent=7634"}],"curies":[{"name":"wp","href":"https:\/\/api.w.org\/{rel}","templated":true}]}}