{"id":54038,"date":"2022-12-28T10:44:25","date_gmt":"2022-12-28T09:44:25","guid":{"rendered":"https:\/\/venturelli-italia.it\/?page_id=54038"},"modified":"2026-03-05T10:09:54","modified_gmt":"2026-03-05T09:09:54","slug":"visite-guidate","status":"publish","type":"page","link":"https:\/\/venturelli-italia.it\/it\/visite-guidate\/","title":{"rendered":"Visite guidate al nostro frantoio sul Lago di Garda con degustazione"},"content":{"rendered":"\t\t<div data-elementor-type=\"wp-page\" data-elementor-id=\"54038\" class=\"elementor elementor-54038\" data-elementor-post-type=\"page\">\n\t\t\t\t\t\t<section class=\"elementor-section elementor-top-section elementor-element elementor-element-d442bd5 elementor-section-boxed elementor-section-height-default elementor-section-height-default\" data-id=\"d442bd5\" data-element_type=\"section\" data-e-type=\"section\">\n\t\t\t\t\t\t<div class=\"elementor-container elementor-column-gap-default\">\n\t\t\t\t\t<div class=\"elementor-column elementor-col-100 elementor-top-column elementor-element elementor-element-9f9dad7\" data-id=\"9f9dad7\" data-element_type=\"column\" data-e-type=\"column\">\n\t\t\t<div class=\"elementor-widget-wrap elementor-element-populated\">\n\t\t\t\t\t\t<div class=\"elementor-element elementor-element-f3e1ebb elementor-widget elementor-widget-heading\" data-id=\"f3e1ebb\" data-element_type=\"widget\" data-e-type=\"widget\" data-widget_type=\"heading.default\">\n\t\t\t\t<div class=\"elementor-widget-container\">\n\t\t\t\t\t<h2 class=\"elementor-heading-title elementor-size-default\"><span style=\"font-size: 23px;text-align: center\">Prenota la tua visita guidata al nostro Frantoio<\/span><\/h2>\t\t\t\t<\/div>\n\t\t\t\t<\/div>\n\t\t\t\t<div class=\"elementor-element elementor-element-83f9354 elementor-widget elementor-widget-text-editor\" data-id=\"83f9354\" data-element_type=\"widget\" data-e-type=\"widget\" data-widget_type=\"text-editor.default\">\n\t\t\t\t<div class=\"elementor-widget-container\">\n\t\t\t\t\t\t\t\t\t<p>Prenotare la tua visita \u00e8 pi\u00f9 facile che mai. Clicca l&#8217;esperienza che ti piacerebbe provare, e troverai informazioni dettagliate e la possibilit\u00e0 di prenotare direttamente, verificando in tempo reale le date disponibili.<\/p>\t\t\t\t\t\t\t\t<\/div>\n\t\t\t\t<\/div>\n\t\t\t\t\t<\/div>\n\t\t<\/div>\n\t\t\t\t\t<\/div>\n\t\t<\/section>\n\t\t\t\t<section class=\"elementor-section elementor-top-section elementor-element elementor-element-d2b57d7 elementor-section-boxed elementor-section-height-default elementor-section-height-default\" data-id=\"d2b57d7\" data-element_type=\"section\" data-e-type=\"section\">\n\t\t\t\t\t\t<div class=\"elementor-container elementor-column-gap-default\">\n\t\t\t\t\t<div class=\"elementor-column elementor-col-100 elementor-top-column elementor-element elementor-element-4e79410\" data-id=\"4e79410\" data-element_type=\"column\" data-e-type=\"column\">\n\t\t\t<div class=\"elementor-widget-wrap elementor-element-populated\">\n\t\t\t\t\t\t<div class=\"elementor-element elementor-element-81395f3 elementor-widget elementor-widget-html\" data-id=\"81395f3\" data-element_type=\"widget\" data-e-type=\"widget\" data-widget_type=\"html.default\">\n\t\t\t\t<div class=\"elementor-widget-container\">\n\t\t\t\t\t<div class=\"holidoit-wrapper\" style=\"max-width:750px; margin:0 auto;\">\r\n    <div class=\"holidoitWidget\"\r\n         data-src=\"https:\/\/cdn.holidoit.com\/widgets\/widget-experience-grid.html?embedId=46a92726-f39a-4d52-8965-5678e062e80f&lang=it&show_language_picker=true\">\r\n    <\/div>\r\n<\/div>\r\n\r\n<script>\r\n(function() {\r\n    function loadScript(src, attrs) {\r\n        var s = document.createElement('script');\r\n        s.src = src;\r\n        if (attrs) Object.keys(attrs).forEach(function(k){ s.setAttribute(k, attrs[k]); });\r\n        document.body.appendChild(s);\r\n    }\r\n    window.addEventListener('load', function() {\r\n        loadScript('https:\/\/cdn.holidoit.com\/holidoit.js', {\r\n            'data-embed-id': '46a92726-f39a-4d52-8965-5678e062e80f'\r\n        });\r\n        loadScript('https:\/\/cdn.holidoit.com\/widgets\/widgets-loader.js?embedId=46a92726-f39a-4d52-8965-5678e062e80f');\r\n    });\r\n})();\r\n<\/script>\t\t\t\t<\/div>\n\t\t\t\t<\/div>\n\t\t\t\t\t<\/div>\n\t\t<\/div>\n\t\t\t\t\t<\/div>\n\t\t<\/section>\n\t\t\t\t<section class=\"elementor-section elementor-top-section elementor-element elementor-element-5f1828a elementor-section-boxed elementor-section-height-default elementor-section-height-default\" data-id=\"5f1828a\" data-element_type=\"section\" data-e-type=\"section\">\n\t\t\t\t\t\t<div class=\"elementor-container elementor-column-gap-default\">\n\t\t\t\t\t<div class=\"elementor-column elementor-col-50 elementor-top-column elementor-element elementor-element-11730d2\" data-id=\"11730d2\" data-element_type=\"column\" data-e-type=\"column\">\n\t\t\t<div class=\"elementor-widget-wrap elementor-element-populated\">\n\t\t\t\t\t\t<div class=\"elementor-element elementor-element-6025225 elementor-widget elementor-widget-image\" data-id=\"6025225\" data-element_type=\"widget\" data-e-type=\"widget\" data-widget_type=\"image.default\">\n\t\t\t\t<div class=\"elementor-widget-container\">\n\t\t\t\t\t\t\t\t\t\t\t\t\t\t\t<img fetchpriority=\"high\" decoding=\"async\" data-src=\"https:\/\/venturelli-italia.it\/wp-content\/uploads\/2021\/03\/frantoio-lago-di-garda-vendita-diretta-768x515.jpg\" data-srcset=\"https:\/\/venturelli-italia.it\/wp-content\/uploads\/2021\/03\/frantoio-lago-di-garda-vendita-diretta-768x515.jpg 768w, https:\/\/venturelli-italia.it\/wp-content\/uploads\/2021\/03\/frantoio-lago-di-garda-vendita-diretta-300x201.jpg 300w, https:\/\/venturelli-italia.it\/wp-content\/uploads\/2021\/03\/frantoio-lago-di-garda-vendita-diretta-1024x686.jpg 1024w, https:\/\/venturelli-italia.it\/wp-content\/uploads\/2021\/03\/frantoio-lago-di-garda-vendita-diretta-1536x1029.jpg 1536w, https:\/\/venturelli-italia.it\/wp-content\/uploads\/2021\/03\/frantoio-lago-di-garda-vendita-diretta-2048x1372.jpg 2048w\" width=\"768\" height=\"515\" src=\"data:image\/gif;base64,R0lGODlhAQABAIAAAAAAAP\/\/\/yH5BAEAAAAALAAAAAABAAEAAAIBRAA7\" class=\"attachment-medium_large size-medium_large wp-image-51533 lazyload\" alt=\"Dettaglio frantoio sul lago di Garda con vendita diretta al pubblico\"  sizes=\"(max-width: 768px) 100vw, 768px\" \/><noscript><img decoding=\"async\" width=\"768\" height=\"515\" src=\"https:\/\/venturelli-italia.it\/wp-content\/uploads\/2021\/03\/frantoio-lago-di-garda-vendita-diretta-768x515.jpg\" class=\"attachment-medium_large size-medium_large wp-image-51533\" alt=\"Dettaglio frantoio sul lago di Garda con vendita diretta al pubblico\" srcset=\"https:\/\/venturelli-italia.it\/wp-content\/uploads\/2021\/03\/frantoio-lago-di-garda-vendita-diretta-768x515.jpg 768w, https:\/\/venturelli-italia.it\/wp-content\/uploads\/2021\/03\/frantoio-lago-di-garda-vendita-diretta-300x201.jpg 300w, https:\/\/venturelli-italia.it\/wp-content\/uploads\/2021\/03\/frantoio-lago-di-garda-vendita-diretta-1024x686.jpg 1024w, https:\/\/venturelli-italia.it\/wp-content\/uploads\/2021\/03\/frantoio-lago-di-garda-vendita-diretta-1536x1029.jpg 1536w, https:\/\/venturelli-italia.it\/wp-content\/uploads\/2021\/03\/frantoio-lago-di-garda-vendita-diretta-2048x1372.jpg 2048w\" sizes=\"(max-width: 768px) 100vw, 768px\"><\/noscript>\t\t\t\t\t\t\t\t\t\t\t\t\t\t\t<\/div>\n\t\t\t\t<\/div>\n\t\t\t\t\t<\/div>\n\t\t<\/div>\n\t\t\t\t<div class=\"elementor-column elementor-col-50 elementor-top-column elementor-element elementor-element-6f5d863\" data-id=\"6f5d863\" data-element_type=\"column\" data-e-type=\"column\">\n\t\t\t<div class=\"elementor-widget-wrap elementor-element-populated\">\n\t\t\t\t\t\t<div class=\"elementor-element elementor-element-e63753d elementor-widget elementor-widget-heading\" data-id=\"e63753d\" data-element_type=\"widget\" data-e-type=\"widget\" data-widget_type=\"heading.default\">\n\t\t\t\t<div class=\"elementor-widget-container\">\n\t\t\t\t\t<h2 class=\"elementor-heading-title elementor-size-default\">Visite Guidate al nostro Frantoio<\/h2>\t\t\t\t<\/div>\n\t\t\t\t<\/div>\n\t\t\t\t<div class=\"elementor-element elementor-element-bc44026 elementor-widget elementor-widget-text-editor\" data-id=\"bc44026\" data-element_type=\"widget\" data-e-type=\"widget\" data-widget_type=\"text-editor.default\">\n\t\t\t\t<div class=\"elementor-widget-container\">\n\t\t\t\t\t\t\t\t\t<p>Per le visite guidate mettiamo a disposizione degli Ospiti gli spazi dove viene prodotto il nostro <a href=\"https:\/\/venturelli-italia.it\/it\/prodotti\/olio-garda\/mostolio-garda-dop-bresciano-lt-0500\/\">Olio Extravergine di Oliva Mostolio Garda DOP bresciano<\/a>. La visita riguarder\u00e0 il nostro Frantoio, parte degli ulivi che contribuiscono alla produzione ed il parco nel quale \u00e8 immerso il nostro quartier generale nella zona del Lago di Garda a Brescia. I visitatori avranno inoltre la possibilit\u00e0 di degustare alcuni assaggi dei nostri migliori prodotti e, a seconda della pianificazione della visita, godere di un Easy Lunch, un Aperitivo, una Merenda o una Easy Dinner nel nostro <a href=\"https:\/\/venturelli-italia.it\/it\/ristorante\/\">Ristorante Al Frantoio<\/a>.<\/p>\t\t\t\t\t\t\t\t<\/div>\n\t\t\t\t<\/div>\n\t\t\t\t\t<\/div>\n\t\t<\/div>\n\t\t\t\t\t<\/div>\n\t\t<\/section>\n\t\t\t\t<\/div>\n\t\t","protected":false},"excerpt":{"rendered":"<p>Visita gli spazi dove viene prodotto il nostro Olio Extravergine di Oliva, il Frantoio, parte degli ulivi che contribuiscono alla produzione ed il parco. Alla fine de Tour, degustazione con assaggi dei nostri migliori prodotti.<\/p>\n","protected":false},"author":1,"featured_media":54043,"parent":0,"menu_order":0,"comment_status":"closed","ping_status":"closed","template":"","meta":{"_acf_changed":false,"footnotes":""},"class_list":["post-54038","page","type-page","status-publish","has-post-thumbnail","hentry"],"acf":[],"yoast_head":"<!-- This site is optimized with the Yoast SEO plugin v28.4 - https:\/\/yoast.com\/product\/yoast-seo-wordpress\/ -->\n<title>Visite guidate al nostro frantoio sul Lago di Garda con degustazione - Venturelli-Italia<\/title>\n<meta name=\"robots\" content=\"index, follow, max-snippet:-1, max-image-preview:large, max-video-preview:-1\" \/>\n<link rel=\"canonical\" href=\"https:\/\/venturelli-italia.it\/it\/visite-guidate\/\" \/>\n<meta property=\"og:locale\" content=\"it_IT\" \/>\n<meta property=\"og:type\" content=\"article\" \/>\n<meta property=\"og:title\" content=\"Visite guidate al nostro frantoio sul Lago di Garda con degustazione - Venturelli-Italia\" \/>\n<meta property=\"og:description\" content=\"Visita gli spazi dove viene prodotto il nostro Olio Extravergine di Oliva, il Frantoio, parte degli ulivi che contribuiscono alla produzione ed il parco. Alla fine de Tour, degustazione con assaggi dei nostri migliori prodotti.\" \/>\n<meta property=\"og:url\" content=\"https:\/\/venturelli-italia.it\/it\/visite-guidate\/\" \/>\n<meta property=\"og:site_name\" content=\"Venturelli-Italia\" \/>\n<meta property=\"article:publisher\" content=\"http:\/\/www.facebook.com\/venturelliitalia\" \/>\n<meta property=\"article:modified_time\" content=\"2026-03-05T09:09:54+00:00\" \/>\n<meta property=\"og:image\" content=\"https:\/\/venturelli-italia.it\/wp-content\/uploads\/2022\/12\/frantoio-lago-di-garda-vendita-diretta.jpg\" \/>\n\t<meta property=\"og:image:width\" content=\"1800\" \/>\n\t<meta property=\"og:image:height\" content=\"705\" \/>\n\t<meta property=\"og:image:type\" content=\"image\/jpeg\" \/>\n<meta name=\"twitter:card\" content=\"summary_large_image\" \/>\n<meta name=\"twitter:label1\" content=\"Tempo di lettura stimato\" \/>\n\t<meta name=\"twitter:data1\" content=\"1 minuto\" \/>\n<script type=\"application\/ld+json\" class=\"yoast-schema-graph\">{\"@context\":\"https:\\\/\\\/schema.org\",\"@graph\":[{\"@type\":\"WebPage\",\"@id\":\"https:\\\/\\\/venturelli-italia.it\\\/it\\\/visite-guidate\\\/\",\"url\":\"https:\\\/\\\/venturelli-italia.it\\\/it\\\/visite-guidate\\\/\",\"name\":\"Visite guidate al nostro frantoio sul Lago di Garda con degustazione - Venturelli-Italia\",\"isPartOf\":{\"@id\":\"https:\\\/\\\/venturelli-italia.it\\\/it\\\/#website\"},\"primaryImageOfPage\":{\"@id\":\"https:\\\/\\\/venturelli-italia.it\\\/it\\\/visite-guidate\\\/#primaryimage\"},\"image\":{\"@id\":\"https:\\\/\\\/venturelli-italia.it\\\/it\\\/visite-guidate\\\/#primaryimage\"},\"thumbnailUrl\":\"https:\\\/\\\/venturelli-italia.it\\\/wp-content\\\/uploads\\\/2022\\\/12\\\/frantoio-lago-di-garda-vendita-diretta.jpg\",\"datePublished\":\"2022-12-28T09:44:25+00:00\",\"dateModified\":\"2026-03-05T09:09:54+00:00\",\"breadcrumb\":{\"@id\":\"https:\\\/\\\/venturelli-italia.it\\\/it\\\/visite-guidate\\\/#breadcrumb\"},\"inLanguage\":\"it-IT\",\"potentialAction\":[{\"@type\":\"ReadAction\",\"target\":[\"https:\\\/\\\/venturelli-italia.it\\\/it\\\/visite-guidate\\\/\"]}]},{\"@type\":\"ImageObject\",\"inLanguage\":\"it-IT\",\"@id\":\"https:\\\/\\\/venturelli-italia.it\\\/it\\\/visite-guidate\\\/#primaryimage\",\"url\":\"https:\\\/\\\/venturelli-italia.it\\\/wp-content\\\/uploads\\\/2022\\\/12\\\/frantoio-lago-di-garda-vendita-diretta.jpg\",\"contentUrl\":\"https:\\\/\\\/venturelli-italia.it\\\/wp-content\\\/uploads\\\/2022\\\/12\\\/frantoio-lago-di-garda-vendita-diretta.jpg\",\"width\":1800,\"height\":705,\"caption\":\"Dettaglio frantoio sul lago di Garda con vendita diretta al pubblico\"},{\"@type\":\"BreadcrumbList\",\"@id\":\"https:\\\/\\\/venturelli-italia.it\\\/it\\\/visite-guidate\\\/#breadcrumb\",\"itemListElement\":[{\"@type\":\"ListItem\",\"position\":1,\"name\":\"Home\",\"item\":\"https:\\\/\\\/venturelli-italia.it\\\/it\\\/\"},{\"@type\":\"ListItem\",\"position\":2,\"name\":\"Visite guidate al nostro frantoio sul Lago di Garda con degustazione\"}]},{\"@type\":\"WebSite\",\"@id\":\"https:\\\/\\\/venturelli-italia.it\\\/it\\\/#website\",\"url\":\"https:\\\/\\\/venturelli-italia.it\\\/it\\\/\",\"name\":\"Venturelli-Italia\",\"description\":\"Vendita on line di Olio Extra Vergine di Oliva del Garda\",\"publisher\":{\"@id\":\"https:\\\/\\\/venturelli-italia.it\\\/it\\\/#organization\"},\"potentialAction\":[{\"@type\":\"SearchAction\",\"target\":{\"@type\":\"EntryPoint\",\"urlTemplate\":\"https:\\\/\\\/venturelli-italia.it\\\/it\\\/?s={search_term_string}\"},\"query-input\":{\"@type\":\"PropertyValueSpecification\",\"valueRequired\":true,\"valueName\":\"search_term_string\"}}],\"inLanguage\":\"it-IT\"},{\"@type\":\"Organization\",\"@id\":\"https:\\\/\\\/venturelli-italia.it\\\/it\\\/#organization\",\"name\":\"Venturelli-Italia\",\"url\":\"https:\\\/\\\/venturelli-italia.it\\\/it\\\/\",\"logo\":{\"@type\":\"ImageObject\",\"inLanguage\":\"it-IT\",\"@id\":\"https:\\\/\\\/venturelli-italia.it\\\/it\\\/#\\\/schema\\\/logo\\\/image\\\/\",\"url\":\"https:\\\/\\\/venturelli-italia.it\\\/wp-content\\\/uploads\\\/2020\\\/02\\\/venturelli-al-frantoio-2020.png\",\"contentUrl\":\"https:\\\/\\\/venturelli-italia.it\\\/wp-content\\\/uploads\\\/2020\\\/02\\\/venturelli-al-frantoio-2020.png\",\"width\":243,\"height\":80,\"caption\":\"Venturelli-Italia\"},\"image\":{\"@id\":\"https:\\\/\\\/venturelli-italia.it\\\/it\\\/#\\\/schema\\\/logo\\\/image\\\/\"},\"sameAs\":[\"http:\\\/\\\/www.facebook.com\\\/venturelliitalia\",\"https:\\\/\\\/www.instagram.com\\\/venturellibontamadeinitaly\\\/\"]}]}<\/script>\n<!-- \/ Yoast SEO plugin. -->","yoast_head_json":{"title":"Visite guidate al nostro frantoio sul Lago di Garda con degustazione - Venturelli-Italia","robots":{"index":"index","follow":"follow","max-snippet":"max-snippet:-1","max-image-preview":"max-image-preview:large","max-video-preview":"max-video-preview:-1"},"canonical":"https:\/\/venturelli-italia.it\/it\/visite-guidate\/","og_locale":"it_IT","og_type":"article","og_title":"Visite guidate al nostro frantoio sul Lago di Garda con degustazione - Venturelli-Italia","og_description":"Visita gli spazi dove viene prodotto il nostro Olio Extravergine di Oliva, il Frantoio, parte degli ulivi che contribuiscono alla produzione ed il parco. Alla fine de Tour, degustazione con assaggi dei nostri migliori prodotti.","og_url":"https:\/\/venturelli-italia.it\/it\/visite-guidate\/","og_site_name":"Venturelli-Italia","article_publisher":"http:\/\/www.facebook.com\/venturelliitalia","article_modified_time":"2026-03-05T09:09:54+00:00","og_image":[{"width":1800,"height":705,"url":"https:\/\/venturelli-italia.it\/wp-content\/uploads\/2022\/12\/frantoio-lago-di-garda-vendita-diretta.jpg","type":"image\/jpeg"}],"twitter_card":"summary_large_image","twitter_misc":{"Tempo di lettura stimato":"1 minuto"},"schema":{"@context":"https:\/\/schema.org","@graph":[{"@type":"WebPage","@id":"https:\/\/venturelli-italia.it\/it\/visite-guidate\/","url":"https:\/\/venturelli-italia.it\/it\/visite-guidate\/","name":"Visite guidate al nostro frantoio sul Lago di Garda con degustazione - Venturelli-Italia","isPartOf":{"@id":"https:\/\/venturelli-italia.it\/it\/#website"},"primaryImageOfPage":{"@id":"https:\/\/venturelli-italia.it\/it\/visite-guidate\/#primaryimage"},"image":{"@id":"https:\/\/venturelli-italia.it\/it\/visite-guidate\/#primaryimage"},"thumbnailUrl":"https:\/\/venturelli-italia.it\/wp-content\/uploads\/2022\/12\/frantoio-lago-di-garda-vendita-diretta.jpg","datePublished":"2022-12-28T09:44:25+00:00","dateModified":"2026-03-05T09:09:54+00:00","breadcrumb":{"@id":"https:\/\/venturelli-italia.it\/it\/visite-guidate\/#breadcrumb"},"inLanguage":"it-IT","potentialAction":[{"@type":"ReadAction","target":["https:\/\/venturelli-italia.it\/it\/visite-guidate\/"]}]},{"@type":"ImageObject","inLanguage":"it-IT","@id":"https:\/\/venturelli-italia.it\/it\/visite-guidate\/#primaryimage","url":"https:\/\/venturelli-italia.it\/wp-content\/uploads\/2022\/12\/frantoio-lago-di-garda-vendita-diretta.jpg","contentUrl":"https:\/\/venturelli-italia.it\/wp-content\/uploads\/2022\/12\/frantoio-lago-di-garda-vendita-diretta.jpg","width":1800,"height":705,"caption":"Dettaglio frantoio sul lago di Garda con vendita diretta al pubblico"},{"@type":"BreadcrumbList","@id":"https:\/\/venturelli-italia.it\/it\/visite-guidate\/#breadcrumb","itemListElement":[{"@type":"ListItem","position":1,"name":"Home","item":"https:\/\/venturelli-italia.it\/it\/"},{"@type":"ListItem","position":2,"name":"Visite guidate al nostro frantoio sul Lago di Garda con degustazione"}]},{"@type":"WebSite","@id":"https:\/\/venturelli-italia.it\/it\/#website","url":"https:\/\/venturelli-italia.it\/it\/","name":"Venturelli-Italia","description":"Vendita on line di Olio Extra Vergine di Oliva del Garda","publisher":{"@id":"https:\/\/venturelli-italia.it\/it\/#organization"},"potentialAction":[{"@type":"SearchAction","target":{"@type":"EntryPoint","urlTemplate":"https:\/\/venturelli-italia.it\/it\/?s={search_term_string}"},"query-input":{"@type":"PropertyValueSpecification","valueRequired":true,"valueName":"search_term_string"}}],"inLanguage":"it-IT"},{"@type":"Organization","@id":"https:\/\/venturelli-italia.it\/it\/#organization","name":"Venturelli-Italia","url":"https:\/\/venturelli-italia.it\/it\/","logo":{"@type":"ImageObject","inLanguage":"it-IT","@id":"https:\/\/venturelli-italia.it\/it\/#\/schema\/logo\/image\/","url":"https:\/\/venturelli-italia.it\/wp-content\/uploads\/2020\/02\/venturelli-al-frantoio-2020.png","contentUrl":"https:\/\/venturelli-italia.it\/wp-content\/uploads\/2020\/02\/venturelli-al-frantoio-2020.png","width":243,"height":80,"caption":"Venturelli-Italia"},"image":{"@id":"https:\/\/venturelli-italia.it\/it\/#\/schema\/logo\/image\/"},"sameAs":["http:\/\/www.facebook.com\/venturelliitalia","https:\/\/www.instagram.com\/venturellibontamadeinitaly\/"]}]}},"_links":{"self":[{"href":"https:\/\/venturelli-italia.it\/it\/wp-json\/wp\/v2\/pages\/54038","targetHints":{"allow":["GET"]}}],"collection":[{"href":"https:\/\/venturelli-italia.it\/it\/wp-json\/wp\/v2\/pages"}],"about":[{"href":"https:\/\/venturelli-italia.it\/it\/wp-json\/wp\/v2\/types\/page"}],"author":[{"embeddable":true,"href":"https:\/\/venturelli-italia.it\/it\/wp-json\/wp\/v2\/users\/1"}],"replies":[{"embeddable":true,"href":"https:\/\/venturelli-italia.it\/it\/wp-json\/wp\/v2\/comments?post=54038"}],"version-history":[{"count":0,"href":"https:\/\/venturelli-italia.it\/it\/wp-json\/wp\/v2\/pages\/54038\/revisions"}],"wp:featuredmedia":[{"embeddable":true,"href":"https:\/\/venturelli-italia.it\/it\/wp-json\/wp\/v2\/media\/54043"}],"wp:attachment":[{"href":"https:\/\/venturelli-italia.it\/it\/wp-json\/wp\/v2\/media?parent=54038"}],"curies":[{"name":"wp","href":"https:\/\/api.w.org\/{rel}","templated":true}]}}